{"id":47861,"date":"2026-09-03T13:15:07","date_gmt":"2026-09-03T19:15:07","guid":{"rendered":"https:\/\/economia.uanl.mx\/?post_type=eventos&#038;p=47861"},"modified":"2026-09-03T13:21:28","modified_gmt":"2026-09-03T19:21:28","slug":"jonathanheath-faeco","status":"publish","type":"eventos","link":"https:\/\/economia.uanl.mx\/en\/eventos\/jonathanheath-faeco\/","title":{"rendered":"Perspectivas de la inflaci\u00f3n y pol\u00edtica monetaria impartida por Jonathan Heath"},"content":{"rendered":"<p class=\"PDq2pG_selectionAnchorContainer\" data-start=\"410\" data-end=\"609\">La Facultad de Econom\u00eda de la UANL invita a su comunidad a la conferencia <strong data-start=\"484\" data-end=\"539\">\u201cPerspectivas de la inflaci\u00f3n y pol\u00edtica monetaria\u201d<\/strong>, impartida por <strong data-start=\"555\" data-end=\"608\">Jonathan Heath, Subgobernador del Banco de M\u00e9xico<\/strong>.<\/p>\n<p data-start=\"611\" data-end=\"754\">Una oportunidad para escuchar de primera mano su perspectiva sobre la evoluci\u00f3n de la inflaci\u00f3n y los retos de la pol\u00edtica monetaria en M\u00e9xico.<\/p>\n<p data-start=\"756\" data-end=\"845\"><strong data-start=\"759\" data-end=\"778\">9 de septiembre<\/strong><br data-start=\"778\" data-end=\"781\" \/><strong data-start=\"784\" data-end=\"799\">12:30 p. m.<\/strong><br data-start=\"799\" data-end=\"802\" \/><strong data-start=\"805\" data-end=\"845\">Auditorio de la Facultad de Econom\u00eda<\/strong><\/p>\n<p data-start=\"847\" data-end=\"979\">Acomp\u00e1\u00f1anos en esta conferencia especial y s\u00e9 parte de las actividades con las que celebramos <strong data-start=\"941\" data-end=\"979\">69 a\u00f1os de historia de FAECO. \u2764\ufe0f<\/strong><\/p>\n<p><img loading=\"lazy\" decoding=\"async\" class=\"alignnone size-full wp-image-47863\" src=\"https:\/\/economia.uanl.mx\/wp-content\/uploads\/2026\/09\/POSSTTT.png\" alt=\"\" width=\"1080\" height=\"1440\" \/><\/p>\n","protected":false},"excerpt":{"rendered":"<p>La Facultad de Econom\u00eda de la UANL invita a su comunidad a la conferencia \u201cPerspectivas de la inflaci\u00f3n y pol\u00edtica monetaria\u201d, impartida por Jonathan Heath, Subgobernador del Banco de M\u00e9xico. Una oportunidad para escuchar de primera mano su perspectiva sobre la evoluci\u00f3n de la inflaci\u00f3n y los retos de la pol\u00edtica monetaria en M\u00e9xico. 9 [&hellip;]<\/p>\n","protected":false},"template":"","tags":[],"class_list":["post-47861","eventos","type-eventos","status-publish","hentry"],"yoast_head":"<!-- This site is optimized with the Yoast SEO plugin v24.8.1 - https:\/\/yoast.com\/wordpress\/plugins\/seo\/ -->\n<title>Perspectivas de la inflaci\u00f3n y pol\u00edtica monetaria impartida por Jonathan Heath - Facultad de Econom\u00eda UANL<\/title>\n<meta name=\"robots\" content=\"index, follow, max-snippet:-1, max-image-preview:large, max-video-preview:-1\" \/>\n<link rel=\"canonical\" href=\"https:\/\/economia.uanl.mx\/en\/eventos\/jonathanheath-faeco\/\" \/>\n<meta property=\"og:locale\" content=\"en_US\" \/>\n<meta property=\"og:type\" content=\"article\" \/>\n<meta property=\"og:title\" content=\"Perspectivas de la inflaci\u00f3n y pol\u00edtica monetaria impartida por Jonathan Heath - Facultad de Econom\u00eda UANL\" \/>\n<meta property=\"og:description\" content=\"La Facultad de Econom\u00eda de la UANL invita a su comunidad a la conferencia \u201cPerspectivas de la inflaci\u00f3n y pol\u00edtica monetaria\u201d, impartida por Jonathan Heath, Subgobernador del Banco de M\u00e9xico. Una oportunidad para escuchar de primera mano su perspectiva sobre la evoluci\u00f3n de la inflaci\u00f3n y los retos de la pol\u00edtica monetaria en M\u00e9xico. 9 [&hellip;]\" \/>\n<meta property=\"og:url\" content=\"https:\/\/economia.uanl.mx\/en\/eventos\/jonathanheath-faeco\/\" \/>\n<meta property=\"og:site_name\" content=\"Facultad de Econom\u00eda UANL\" \/>\n<meta property=\"article:publisher\" content=\"https:\/\/www.facebook.com\/FAECO.UANL\/\" \/>\n<meta property=\"article:modified_time\" content=\"2026-09-03T19:21:28+00:00\" \/>\n<meta property=\"og:image\" content=\"https:\/\/economia.uanl.mx\/wp-content\/uploads\/2026\/09\/POSSTTT.png\" \/>\n\t<meta property=\"og:image:width\" content=\"1080\" \/>\n\t<meta property=\"og:image:height\" content=\"1440\" \/>\n\t<meta property=\"og:image:type\" content=\"image\/png\" \/>\n<meta name=\"twitter:card\" content=\"summary_large_image\" \/>\n<meta name=\"twitter:site\" content=\"@economia_uanl\" \/>\n<meta name=\"twitter:label1\" content=\"Est. reading time\" \/>\n\t<meta name=\"twitter:data1\" content=\"1 minute\" \/>\n<script type=\"application\/ld+json\" class=\"yoast-schema-graph\">{\"@context\":\"https:\/\/schema.org\",\"@graph\":[{\"@type\":\"WebPage\",\"@id\":\"https:\/\/economia.uanl.mx\/eventos\/jonathanheath-faeco\/\",\"url\":\"https:\/\/economia.uanl.mx\/eventos\/jonathanheath-faeco\/\",\"name\":\"Perspectivas de la inflaci\u00f3n y pol\u00edtica monetaria impartida por Jonathan Heath - Facultad de Econom\u00eda UANL\",\"isPartOf\":{\"@id\":\"https:\/\/economia.uanl.mx\/#website\"},\"primaryImageOfPage\":{\"@id\":\"https:\/\/economia.uanl.mx\/eventos\/jonathanheath-faeco\/#primaryimage\"},\"image\":{\"@id\":\"https:\/\/economia.uanl.mx\/eventos\/jonathanheath-faeco\/#primaryimage\"},\"thumbnailUrl\":\"https:\/\/economia.uanl.mx\/wp-content\/uploads\/2026\/09\/POSSTTT.png\",\"datePublished\":\"2026-09-03T19:15:07+00:00\",\"dateModified\":\"2026-09-03T19:21:28+00:00\",\"breadcrumb\":{\"@id\":\"https:\/\/economia.uanl.mx\/eventos\/jonathanheath-faeco\/#breadcrumb\"},\"inLanguage\":\"en-US\",\"potentialAction\":[{\"@type\":\"ReadAction\",\"target\":[\"https:\/\/economia.uanl.mx\/eventos\/jonathanheath-faeco\/\"]}]},{\"@type\":\"ImageObject\",\"inLanguage\":\"en-US\",\"@id\":\"https:\/\/economia.uanl.mx\/eventos\/jonathanheath-faeco\/#primaryimage\",\"url\":\"https:\/\/economia.uanl.mx\/wp-content\/uploads\/2026\/09\/POSSTTT.png\",\"contentUrl\":\"https:\/\/economia.uanl.mx\/wp-content\/uploads\/2026\/09\/POSSTTT.png\"},{\"@type\":\"BreadcrumbList\",\"@id\":\"https:\/\/economia.uanl.mx\/eventos\/jonathanheath-faeco\/#breadcrumb\",\"itemListElement\":[{\"@type\":\"ListItem\",\"position\":1,\"name\":\"Inicio\",\"item\":\"https:\/\/economia.uanl.mx\/\"},{\"@type\":\"ListItem\",\"position\":2,\"name\":\"Eventos\",\"item\":\"https:\/\/economia.uanl.mx\/eventos\/\"},{\"@type\":\"ListItem\",\"position\":3,\"name\":\"Perspectivas de la inflaci\u00f3n y pol\u00edtica monetaria impartida por Jonathan Heath\"}]},{\"@type\":\"WebSite\",\"@id\":\"https:\/\/economia.uanl.mx\/#website\",\"url\":\"https:\/\/economia.uanl.mx\/\",\"name\":\"Facultad de Econom\u00eda UANL\",\"description\":\"UANL\",\"potentialAction\":[{\"@type\":\"SearchAction\",\"target\":{\"@type\":\"EntryPoint\",\"urlTemplate\":\"https:\/\/economia.uanl.mx\/?s={search_term_string}\"},\"query-input\":{\"@type\":\"PropertyValueSpecification\",\"valueRequired\":true,\"valueName\":\"search_term_string\"}}],\"inLanguage\":\"en-US\"}]}<\/script>\n<!-- \/ Yoast SEO plugin. -->","yoast_head_json":{"title":"Perspectivas de la inflaci\u00f3n y pol\u00edtica monetaria impartida por Jonathan Heath - Facultad de Econom\u00eda UANL","robots":{"index":"index","follow":"follow","max-snippet":"max-snippet:-1","max-image-preview":"max-image-preview:large","max-video-preview":"max-video-preview:-1"},"canonical":"https:\/\/economia.uanl.mx\/en\/eventos\/jonathanheath-faeco\/","og_locale":"en_US","og_type":"article","og_title":"Perspectivas de la inflaci\u00f3n y pol\u00edtica monetaria impartida por Jonathan Heath - Facultad de Econom\u00eda UANL","og_description":"La Facultad de Econom\u00eda de la UANL invita a su comunidad a la conferencia \u201cPerspectivas de la inflaci\u00f3n y pol\u00edtica monetaria\u201d, impartida por Jonathan Heath, Subgobernador del Banco de M\u00e9xico. Una oportunidad para escuchar de primera mano su perspectiva sobre la evoluci\u00f3n de la inflaci\u00f3n y los retos de la pol\u00edtica monetaria en M\u00e9xico. 9 [&hellip;]","og_url":"https:\/\/economia.uanl.mx\/en\/eventos\/jonathanheath-faeco\/","og_site_name":"Facultad de Econom\u00eda UANL","article_publisher":"https:\/\/www.facebook.com\/FAECO.UANL\/","article_modified_time":"2026-09-03T19:21:28+00:00","og_image":[{"width":1080,"height":1440,"url":"https:\/\/economia.uanl.mx\/wp-content\/uploads\/2026\/09\/POSSTTT.png","type":"image\/png"}],"twitter_card":"summary_large_image","twitter_site":"@economia_uanl","twitter_misc":{"Est. reading time":"1 minute"},"schema":{"@context":"https:\/\/schema.org","@graph":[{"@type":"WebPage","@id":"https:\/\/economia.uanl.mx\/eventos\/jonathanheath-faeco\/","url":"https:\/\/economia.uanl.mx\/eventos\/jonathanheath-faeco\/","name":"Perspectivas de la inflaci\u00f3n y pol\u00edtica monetaria impartida por Jonathan Heath - Facultad de Econom\u00eda UANL","isPartOf":{"@id":"https:\/\/economia.uanl.mx\/#website"},"primaryImageOfPage":{"@id":"https:\/\/economia.uanl.mx\/eventos\/jonathanheath-faeco\/#primaryimage"},"image":{"@id":"https:\/\/economia.uanl.mx\/eventos\/jonathanheath-faeco\/#primaryimage"},"thumbnailUrl":"https:\/\/economia.uanl.mx\/wp-content\/uploads\/2026\/09\/POSSTTT.png","datePublished":"2026-09-03T19:15:07+00:00","dateModified":"2026-09-03T19:21:28+00:00","breadcrumb":{"@id":"https:\/\/economia.uanl.mx\/eventos\/jonathanheath-faeco\/#breadcrumb"},"inLanguage":"en-US","potentialAction":[{"@type":"ReadAction","target":["https:\/\/economia.uanl.mx\/eventos\/jonathanheath-faeco\/"]}]},{"@type":"ImageObject","inLanguage":"en-US","@id":"https:\/\/economia.uanl.mx\/eventos\/jonathanheath-faeco\/#primaryimage","url":"https:\/\/economia.uanl.mx\/wp-content\/uploads\/2026\/09\/POSSTTT.png","contentUrl":"https:\/\/economia.uanl.mx\/wp-content\/uploads\/2026\/09\/POSSTTT.png"},{"@type":"BreadcrumbList","@id":"https:\/\/economia.uanl.mx\/eventos\/jonathanheath-faeco\/#breadcrumb","itemListElement":[{"@type":"ListItem","position":1,"name":"Inicio","item":"https:\/\/economia.uanl.mx\/"},{"@type":"ListItem","position":2,"name":"Eventos","item":"https:\/\/economia.uanl.mx\/eventos\/"},{"@type":"ListItem","position":3,"name":"Perspectivas de la inflaci\u00f3n y pol\u00edtica monetaria impartida por Jonathan Heath"}]},{"@type":"WebSite","@id":"https:\/\/economia.uanl.mx\/#website","url":"https:\/\/economia.uanl.mx\/","name":"Facultad de Econom\u00eda UANL","description":"UANL","potentialAction":[{"@type":"SearchAction","target":{"@type":"EntryPoint","urlTemplate":"https:\/\/economia.uanl.mx\/?s={search_term_string}"},"query-input":{"@type":"PropertyValueSpecification","valueRequired":true,"valueName":"search_term_string"}}],"inLanguage":"en-US"}]}},"_links":{"self":[{"href":"https:\/\/economia.uanl.mx\/en\/wp-json\/wp\/v2\/eventos\/47861","targetHints":{"allow":["GET"]}}],"collection":[{"href":"https:\/\/economia.uanl.mx\/en\/wp-json\/wp\/v2\/eventos"}],"about":[{"href":"https:\/\/economia.uanl.mx\/en\/wp-json\/wp\/v2\/types\/eventos"}],"wp:attachment":[{"href":"https:\/\/economia.uanl.mx\/en\/wp-json\/wp\/v2\/media?parent=47861"}],"wp:term":[{"taxonomy":"post_tag","embeddable":true,"href":"https:\/\/economia.uanl.mx\/en\/wp-json\/wp\/v2\/tags?post=47861"}],"curies":[{"name":"wp","href":"https:\/\/api.w.org\/{rel}","templated":true}]}}