{"id":47838,"date":"2026-09-03T10:00:21","date_gmt":"2026-09-03T16:00:21","guid":{"rendered":"https:\/\/economia.uanl.mx\/?post_type=eventos&#038;p=47838"},"modified":"2026-09-03T13:07:53","modified_gmt":"2026-09-03T19:07:53","slug":"faeco-celebrara-su-69-aniversario-con-una-jornada-de-actividades","status":"publish","type":"eventos","link":"https:\/\/economia.uanl.mx\/en\/eventos\/faeco-celebrara-su-69-aniversario-con-una-jornada-de-actividades\/","title":{"rendered":"FAECO celebrar\u00e1 su 69\u00ba aniversario con una jornada de actividades"},"content":{"rendered":"<p class=\"PDq2pG_selectionAnchorContainer\" data-start=\"454\" data-end=\"718\">En el marco de su <strong data-start=\"472\" data-end=\"492\">69.\u00ba aniversario<\/strong>, la Facultad de Econom\u00eda de la Universidad Aut\u00f3noma de Nuevo Le\u00f3n invita a su comunidad universitaria a participar en una jornada especial de celebraci\u00f3n que se llevar\u00e1 a cabo el pr\u00f3ximo <strong data-start=\"680\" data-end=\"717\">mi\u00e9rcoles 9 de septiembre de 2026<\/strong>.<\/p>\n<p data-start=\"720\" data-end=\"981\">A lo largo de 69 a\u00f1os, nuestra Facultad ha construido una historia marcada por la <strong data-start=\"802\" data-end=\"907\">excelencia acad\u00e9mica, la formaci\u00f3n de economistas y el fortalecimiento de una comunidad universitaria<\/strong> que ha contribuido al desarrollo de nuestra instituci\u00f3n y de la sociedad.<\/p>\n<p data-start=\"983\" data-end=\"1371\">Como parte de esta conmemoraci\u00f3n, se ha preparado un programa de actividades que dar\u00e1 inicio a las <strong data-start=\"1082\" data-end=\"1097\">11:30 a. m.<\/strong> con la <strong data-start=\"1105\" data-end=\"1182\">develaci\u00f3n de la nueva estatua del zorro, mascota representativa de FAECO<\/strong>, en la entrada principal de la Facultad. Posteriormente, la comunidad se reunir\u00e1 para entonar las tradicionales <strong data-start=\"1295\" data-end=\"1332\">Ma\u00f1anitas por el 69.\u00ba aniversario<\/strong>.<\/p>\n<p data-start=\"1373\" data-end=\"1643\">La celebraci\u00f3n continuar\u00e1 a las <strong data-start=\"1405\" data-end=\"1420\">12:30 p. m.<\/strong> con una <strong data-start=\"1429\" data-end=\"1483\">conferencia magistral impartida por Jonathan Heath<\/strong> en el Auditorio de la Facultad y concluir\u00e1 con un <strong data-start=\"1534\" data-end=\"1584\">convivio de aniversario y pastel conmemorativo<\/strong> en el Patio Central.<\/p>\n<p data-start=\"1645\" data-end=\"1848\">Esta jornada ser\u00e1 una oportunidad para <strong data-start=\"1684\" data-end=\"1771\">celebrar juntos 69 a\u00f1os de historia, excelencia acad\u00e9mica y comunidad universitaria<\/strong> de la Facultad de Econom\u00eda de la UANL.<\/p>\n<p data-start=\"1850\" data-end=\"1907\"><strong>\u00a1Acomp\u00e1\u00f1anos a celebrar el 69.\u00ba aniversario de FAECO!<\/strong><\/p>\n<p data-start=\"1850\" data-end=\"1907\"><strong><span style=\"text-decoration: underline; color: #ff0000;\"><a style=\"color: #ff0000;\" href=\"https:\/\/economia.uanl.mx\/wp-content\/uploads\/2026\/09\/5678.png\" target=\"_blank\" rel=\"noopener\">Agenda de Actividades \u2014 09 de Septiembre del 2026<\/a><\/span><\/strong><\/p>\n<p class=\"PDq2pG_selectionAnchorContainer\" data-start=\"454\" data-end=\"718\"><img loading=\"lazy\" decoding=\"async\" class=\"alignnone size-full wp-image-47833\" src=\"https:\/\/economia.uanl.mx\/wp-content\/uploads\/2026\/09\/5678.png\" alt=\"\" width=\"2560\" height=\"1440\" \/><\/p>\n","protected":false},"excerpt":{"rendered":"<p>En el marco de su 69.\u00ba aniversario, la Facultad de Econom\u00eda de la Universidad Aut\u00f3noma de Nuevo Le\u00f3n invita a su comunidad universitaria a participar en una jornada especial de celebraci\u00f3n que se llevar\u00e1 a cabo el pr\u00f3ximo mi\u00e9rcoles 9 de septiembre de 2026. A lo largo de 69 a\u00f1os, nuestra Facultad ha construido una [&hellip;]<\/p>\n","protected":false},"template":"","tags":[],"class_list":["post-47838","eventos","type-eventos","status-publish","hentry"],"yoast_head":"<!-- This site is optimized with the Yoast SEO plugin v24.8.1 - https:\/\/yoast.com\/wordpress\/plugins\/seo\/ -->\n<title>FAECO celebrar\u00e1 su 69\u00ba aniversario con una jornada de actividades - Facultad de Econom\u00eda UANL<\/title>\n<meta name=\"robots\" content=\"index, follow, max-snippet:-1, max-image-preview:large, max-video-preview:-1\" \/>\n<link rel=\"canonical\" href=\"https:\/\/economia.uanl.mx\/en\/eventos\/faeco-celebrara-su-69-aniversario-con-una-jornada-de-actividades\/\" \/>\n<meta property=\"og:locale\" content=\"en_US\" \/>\n<meta property=\"og:type\" content=\"article\" \/>\n<meta property=\"og:title\" content=\"FAECO celebrar\u00e1 su 69\u00ba aniversario con una jornada de actividades - Facultad de Econom\u00eda UANL\" \/>\n<meta property=\"og:description\" content=\"En el marco de su 69.\u00ba aniversario, la Facultad de Econom\u00eda de la Universidad Aut\u00f3noma de Nuevo Le\u00f3n invita a su comunidad universitaria a participar en una jornada especial de celebraci\u00f3n que se llevar\u00e1 a cabo el pr\u00f3ximo mi\u00e9rcoles 9 de septiembre de 2026. A lo largo de 69 a\u00f1os, nuestra Facultad ha construido una [&hellip;]\" \/>\n<meta property=\"og:url\" content=\"https:\/\/economia.uanl.mx\/en\/eventos\/faeco-celebrara-su-69-aniversario-con-una-jornada-de-actividades\/\" \/>\n<meta property=\"og:site_name\" content=\"Facultad de Econom\u00eda UANL\" \/>\n<meta property=\"article:publisher\" content=\"https:\/\/www.facebook.com\/FAECO.UANL\/\" \/>\n<meta property=\"article:modified_time\" content=\"2026-09-03T19:07:53+00:00\" \/>\n<meta property=\"og:image\" content=\"https:\/\/economia.uanl.mx\/wp-content\/uploads\/2026\/09\/5678.png\" \/>\n\t<meta property=\"og:image:width\" content=\"2560\" \/>\n\t<meta property=\"og:image:height\" content=\"1440\" \/>\n\t<meta property=\"og:image:type\" content=\"image\/png\" \/>\n<meta name=\"twitter:card\" content=\"summary_large_image\" \/>\n<meta name=\"twitter:site\" content=\"@economia_uanl\" \/>\n<meta name=\"twitter:label1\" content=\"Est. reading time\" \/>\n\t<meta name=\"twitter:data1\" content=\"2 minutes\" \/>\n<script type=\"application\/ld+json\" class=\"yoast-schema-graph\">{\"@context\":\"https:\/\/schema.org\",\"@graph\":[{\"@type\":\"WebPage\",\"@id\":\"https:\/\/economia.uanl.mx\/eventos\/faeco-celebrara-su-69-aniversario-con-una-jornada-de-actividades\/\",\"url\":\"https:\/\/economia.uanl.mx\/eventos\/faeco-celebrara-su-69-aniversario-con-una-jornada-de-actividades\/\",\"name\":\"FAECO celebrar\u00e1 su 69\u00ba aniversario con una jornada de actividades - Facultad de Econom\u00eda UANL\",\"isPartOf\":{\"@id\":\"https:\/\/economia.uanl.mx\/#website\"},\"primaryImageOfPage\":{\"@id\":\"https:\/\/economia.uanl.mx\/eventos\/faeco-celebrara-su-69-aniversario-con-una-jornada-de-actividades\/#primaryimage\"},\"image\":{\"@id\":\"https:\/\/economia.uanl.mx\/eventos\/faeco-celebrara-su-69-aniversario-con-una-jornada-de-actividades\/#primaryimage\"},\"thumbnailUrl\":\"https:\/\/economia.uanl.mx\/wp-content\/uploads\/2026\/09\/5678.png\",\"datePublished\":\"2026-09-03T16:00:21+00:00\",\"dateModified\":\"2026-09-03T19:07:53+00:00\",\"breadcrumb\":{\"@id\":\"https:\/\/economia.uanl.mx\/eventos\/faeco-celebrara-su-69-aniversario-con-una-jornada-de-actividades\/#breadcrumb\"},\"inLanguage\":\"en-US\",\"potentialAction\":[{\"@type\":\"ReadAction\",\"target\":[\"https:\/\/economia.uanl.mx\/eventos\/faeco-celebrara-su-69-aniversario-con-una-jornada-de-actividades\/\"]}]},{\"@type\":\"ImageObject\",\"inLanguage\":\"en-US\",\"@id\":\"https:\/\/economia.uanl.mx\/eventos\/faeco-celebrara-su-69-aniversario-con-una-jornada-de-actividades\/#primaryimage\",\"url\":\"https:\/\/economia.uanl.mx\/wp-content\/uploads\/2026\/09\/5678.png\",\"contentUrl\":\"https:\/\/economia.uanl.mx\/wp-content\/uploads\/2026\/09\/5678.png\"},{\"@type\":\"BreadcrumbList\",\"@id\":\"https:\/\/economia.uanl.mx\/eventos\/faeco-celebrara-su-69-aniversario-con-una-jornada-de-actividades\/#breadcrumb\",\"itemListElement\":[{\"@type\":\"ListItem\",\"position\":1,\"name\":\"Inicio\",\"item\":\"https:\/\/economia.uanl.mx\/\"},{\"@type\":\"ListItem\",\"position\":2,\"name\":\"Eventos\",\"item\":\"https:\/\/economia.uanl.mx\/eventos\/\"},{\"@type\":\"ListItem\",\"position\":3,\"name\":\"FAECO celebrar\u00e1 su 69\u00ba aniversario con una jornada de actividades\"}]},{\"@type\":\"WebSite\",\"@id\":\"https:\/\/economia.uanl.mx\/#website\",\"url\":\"https:\/\/economia.uanl.mx\/\",\"name\":\"Facultad de Econom\u00eda UANL\",\"description\":\"UANL\",\"potentialAction\":[{\"@type\":\"SearchAction\",\"target\":{\"@type\":\"EntryPoint\",\"urlTemplate\":\"https:\/\/economia.uanl.mx\/?s={search_term_string}\"},\"query-input\":{\"@type\":\"PropertyValueSpecification\",\"valueRequired\":true,\"valueName\":\"search_term_string\"}}],\"inLanguage\":\"en-US\"}]}<\/script>\n<!-- \/ Yoast SEO plugin. -->","yoast_head_json":{"title":"FAECO celebrar\u00e1 su 69\u00ba aniversario con una jornada de actividades - Facultad de Econom\u00eda UANL","robots":{"index":"index","follow":"follow","max-snippet":"max-snippet:-1","max-image-preview":"max-image-preview:large","max-video-preview":"max-video-preview:-1"},"canonical":"https:\/\/economia.uanl.mx\/en\/eventos\/faeco-celebrara-su-69-aniversario-con-una-jornada-de-actividades\/","og_locale":"en_US","og_type":"article","og_title":"FAECO celebrar\u00e1 su 69\u00ba aniversario con una jornada de actividades - Facultad de Econom\u00eda UANL","og_description":"En el marco de su 69.\u00ba aniversario, la Facultad de Econom\u00eda de la Universidad Aut\u00f3noma de Nuevo Le\u00f3n invita a su comunidad universitaria a participar en una jornada especial de celebraci\u00f3n que se llevar\u00e1 a cabo el pr\u00f3ximo mi\u00e9rcoles 9 de septiembre de 2026. A lo largo de 69 a\u00f1os, nuestra Facultad ha construido una [&hellip;]","og_url":"https:\/\/economia.uanl.mx\/en\/eventos\/faeco-celebrara-su-69-aniversario-con-una-jornada-de-actividades\/","og_site_name":"Facultad de Econom\u00eda UANL","article_publisher":"https:\/\/www.facebook.com\/FAECO.UANL\/","article_modified_time":"2026-09-03T19:07:53+00:00","og_image":[{"width":2560,"height":1440,"url":"https:\/\/economia.uanl.mx\/wp-content\/uploads\/2026\/09\/5678.png","type":"image\/png"}],"twitter_card":"summary_large_image","twitter_site":"@economia_uanl","twitter_misc":{"Est. reading time":"2 minutes"},"schema":{"@context":"https:\/\/schema.org","@graph":[{"@type":"WebPage","@id":"https:\/\/economia.uanl.mx\/eventos\/faeco-celebrara-su-69-aniversario-con-una-jornada-de-actividades\/","url":"https:\/\/economia.uanl.mx\/eventos\/faeco-celebrara-su-69-aniversario-con-una-jornada-de-actividades\/","name":"FAECO celebrar\u00e1 su 69\u00ba aniversario con una jornada de actividades - Facultad de Econom\u00eda UANL","isPartOf":{"@id":"https:\/\/economia.uanl.mx\/#website"},"primaryImageOfPage":{"@id":"https:\/\/economia.uanl.mx\/eventos\/faeco-celebrara-su-69-aniversario-con-una-jornada-de-actividades\/#primaryimage"},"image":{"@id":"https:\/\/economia.uanl.mx\/eventos\/faeco-celebrara-su-69-aniversario-con-una-jornada-de-actividades\/#primaryimage"},"thumbnailUrl":"https:\/\/economia.uanl.mx\/wp-content\/uploads\/2026\/09\/5678.png","datePublished":"2026-09-03T16:00:21+00:00","dateModified":"2026-09-03T19:07:53+00:00","breadcrumb":{"@id":"https:\/\/economia.uanl.mx\/eventos\/faeco-celebrara-su-69-aniversario-con-una-jornada-de-actividades\/#breadcrumb"},"inLanguage":"en-US","potentialAction":[{"@type":"ReadAction","target":["https:\/\/economia.uanl.mx\/eventos\/faeco-celebrara-su-69-aniversario-con-una-jornada-de-actividades\/"]}]},{"@type":"ImageObject","inLanguage":"en-US","@id":"https:\/\/economia.uanl.mx\/eventos\/faeco-celebrara-su-69-aniversario-con-una-jornada-de-actividades\/#primaryimage","url":"https:\/\/economia.uanl.mx\/wp-content\/uploads\/2026\/09\/5678.png","contentUrl":"https:\/\/economia.uanl.mx\/wp-content\/uploads\/2026\/09\/5678.png"},{"@type":"BreadcrumbList","@id":"https:\/\/economia.uanl.mx\/eventos\/faeco-celebrara-su-69-aniversario-con-una-jornada-de-actividades\/#breadcrumb","itemListElement":[{"@type":"ListItem","position":1,"name":"Inicio","item":"https:\/\/economia.uanl.mx\/"},{"@type":"ListItem","position":2,"name":"Eventos","item":"https:\/\/economia.uanl.mx\/eventos\/"},{"@type":"ListItem","position":3,"name":"FAECO celebrar\u00e1 su 69\u00ba aniversario con una jornada de actividades"}]},{"@type":"WebSite","@id":"https:\/\/economia.uanl.mx\/#website","url":"https:\/\/economia.uanl.mx\/","name":"Facultad de Econom\u00eda UANL","description":"UANL","potentialAction":[{"@type":"SearchAction","target":{"@type":"EntryPoint","urlTemplate":"https:\/\/economia.uanl.mx\/?s={search_term_string}"},"query-input":{"@type":"PropertyValueSpecification","valueRequired":true,"valueName":"search_term_string"}}],"inLanguage":"en-US"}]}},"_links":{"self":[{"href":"https:\/\/economia.uanl.mx\/en\/wp-json\/wp\/v2\/eventos\/47838","targetHints":{"allow":["GET"]}}],"collection":[{"href":"https:\/\/economia.uanl.mx\/en\/wp-json\/wp\/v2\/eventos"}],"about":[{"href":"https:\/\/economia.uanl.mx\/en\/wp-json\/wp\/v2\/types\/eventos"}],"wp:attachment":[{"href":"https:\/\/economia.uanl.mx\/en\/wp-json\/wp\/v2\/media?parent=47838"}],"wp:term":[{"taxonomy":"post_tag","embeddable":true,"href":"https:\/\/economia.uanl.mx\/en\/wp-json\/wp\/v2\/tags?post=47838"}],"curies":[{"name":"wp","href":"https:\/\/api.w.org\/{rel}","templated":true}]}}